{"id":4,"date":"2019-06-06T16:45:15","date_gmt":"2019-06-06T14:45:15","guid":{"rendered":"http:\/\/parkterrasse.3za.de\/?page_id=4"},"modified":"2022-06-26T18:34:08","modified_gmt":"2022-06-26T16:34:08","slug":"tttt","status":"publish","type":"page","link":"http:\/\/parkterrasse.3za.de\/?page_id=4","title":{"rendered":"\u00d6ffnungszeiten"},"content":{"rendered":"\n<p><strong>Ab sofort ist wieder die Au\u00dfen-Gastronomie im R\u00f6delheimer Vereinsring ge\u00f6ffnet.<\/strong><\/p>\n\n\n\n<p><strong>F\u00fcr das leibliche Wohl wird wie immer vom Gastst\u00e4ttenteam <\/strong><br><strong>Lucia &amp; Stelios bestens gesorgt<\/strong>.&nbsp;<\/p>\n\n\n\n\n<div class=\"bh-page\">\n    <div class=\"widget_item margin_tp_50\" style=\"background-color: #3f90ff; color: black;\">\n        <div class=\"widget_7 strappy\">\n            <div class=\"widget_header white_text_color\">\n\n\t\t\t\t\t\t\t\t<div class=\"col-sm-12 notop\">\n\t\t\t\t\t<p class= \"bhtitle\" style=\"color:black\">\u00d6ffnungszeiten<\/p>\n\t\t\t\t<\/div>\n\t\t\t\t\t\n\n\t\t\t\n\t\t\t\t<div class=\"row\">\n\t\t\t\t\t<div class=\"col-xs-6 margin_none pad_rgh_none\">\n\t\t\t\t\t\t<div class=\"header_icon pad_lf_rgh_none text-center\">\n\t\t\t\t\t\t\t<div style=\"width: 65%; display: inline-block;color:black\">\n\t\t\t\t\t\t\t\t<i class=\"fa fa-clock-o fa-5x\" aria-hidden=\"true\"><\/i>\n\t\t\t\t\t\t\t<\/div>\n\t\t\t\t\t\t<\/div>\n\t\t\t\t\t<\/div>\n\t\t\t\t\t<div class=\"col-xs-6 margin_none pad_lf_none\">\n\t\t\t\t\t\t<div class=\"header_title text-center col-6 pad_lf_rgh_none\" style=\"color:black\">\n\t\t\t\t\t\t\t<p class=\"nobottom\">\n\t\t\t\t\t\t\t\t<span class='day-number'>30.04.<\/span>\n\t\t\t\t\t\t\t<\/p>\n\t\t\t\t\t\t\t<p class=\"notop\">\n\t\t\t\t\t\t\t\t<span class=\"text-uppercase margin_none day-name\">Donnerstag<\/span>\n\t\t\t\t\t\t\t<\/p>\n\t\t\t\t\t\t<\/div>\n\t\t\t\t\t<\/div>\n\t\t\t\t<\/div>\n\t\t\t\t\n\t\t\t\t\n            <\/div>\n            <div class=\"widget_body\">\n                \n\t\t\t\t\n\t\t\t\t\n\t\t\t\t<div class=\"header_working_schedule\" style=\"background-color: #dddddd; color: black;\">\n                    <p class=\"today\">\n                        <span class=\"text-uppercase\">Aktuell<\/span>\n\n\t\t                <span class=\"badge\" style=\"background-color: #26a300; color: black\">offen<\/span>                    <\/p>\n                    <div class=\"working_hours working_days\">\n\t\t                \n\n<!-- xplodeit --><div class=\"col-xs-12\"><span class=\"weekdays\">Mo - Fr:<\/span><span class=\"times\"><span>16:00 - 22:00<\/span><\/span>\n<\/div>\n\n\n\n<!-- xplodeit --><div class=\"col-xs-12\"><span class=\"weekdays\">Sa - So:<\/span><span class=\"times\"><span>11:00 - 22:00<\/span><\/span>\n<\/div>\n\n\t\t\t\t\t\t<p>&nbsp;<\/p>\n                    <\/div>\n                <\/div>\n\t\t\t\t\n\t\t\t\t\n\t\t\t\t\n\t\t\t\t\n                <div class=\"lower_body\">\n                    <div class=\"company_name\">\n                        <p class=\"text-uppercase margin_none font_500\">\n\t                                                <\/p>\n                        <p class=\"text-capitalize font_lighter\">\n\t                                                <\/p>\n                    <\/div>\n                    <div class=\"company_details\">\n\t                    <p class=\"phone\"><span>Telefon: <\/span><span>069 76757957<\/span><\/p>\n\t                    \n\t                    \n\t                    \n\t                                        <\/div>\n                <\/div>\n            <\/div>\n            <div class=\"text-center widget_footer\" style=\"background-color: #f4f4f4; color: black;\">\n                <p class=\"margin_none force-center\">\n\t\t            \u00d6ffnungszeiten der Gastst\u00e4tte (nur auf der Terrasse und im Garten)                <\/p>\n            <\/div>\n            <div class=\"row\">\n                <div class=\"col-xs-7\">\n                    <!-- empty -->\n                <\/div>\n                <div class=\"col-xs-5\">\n                    <p class=\"powerdby\">Powered by crosswordsolver.com<\/p>\n                <\/div>\n            <\/div>\n        <\/div>\n    <\/div>\n<\/div>\n\n\n\n<p><strong>(Termine au\u00dferhalb der \u00d6ffnungszeiten nach Vereinbarung)<\/strong><\/p>\n","protected":false},"excerpt":{"rendered":"<p>Ab sofort ist wieder die Au\u00dfen-Gastronomie im R\u00f6delheimer Vereinsring ge\u00f6ffnet. F\u00fcr das leibliche Wohl wird wie immer vom Gastst\u00e4ttenteam Lucia &amp; Stelios bestens gesorgt.&nbsp; (Termine au\u00dferhalb der \u00d6ffnungszeiten nach Vereinbarung)<\/p>\n","protected":false},"author":1,"featured_media":0,"parent":0,"menu_order":0,"comment_status":"closed","ping_status":"closed","template":"","meta":{"footnotes":""},"jetpack_sharing_enabled":true,"_links":{"self":[{"href":"http:\/\/parkterrasse.3za.de\/index.php?rest_route=\/wp\/v2\/pages\/4"}],"collection":[{"href":"http:\/\/parkterrasse.3za.de\/index.php?rest_route=\/wp\/v2\/pages"}],"about":[{"href":"http:\/\/parkterrasse.3za.de\/index.php?rest_route=\/wp\/v2\/types\/page"}],"author":[{"embeddable":true,"href":"http:\/\/parkterrasse.3za.de\/index.php?rest_route=\/wp\/v2\/users\/1"}],"replies":[{"embeddable":true,"href":"http:\/\/parkterrasse.3za.de\/index.php?rest_route=%2Fwp%2Fv2%2Fcomments&post=4"}],"version-history":[{"count":16,"href":"http:\/\/parkterrasse.3za.de\/index.php?rest_route=\/wp\/v2\/pages\/4\/revisions"}],"predecessor-version":[{"id":132,"href":"http:\/\/parkterrasse.3za.de\/index.php?rest_route=\/wp\/v2\/pages\/4\/revisions\/132"}],"wp:attachment":[{"href":"http:\/\/parkterrasse.3za.de\/index.php?rest_route=%2Fwp%2Fv2%2Fmedia&parent=4"}],"curies":[{"name":"wp","href":"https:\/\/api.w.org\/{rel}","templated":true}]}}